{"id":1391,"date":"2024-08-14T14:48:27","date_gmt":"2024-08-14T12:48:27","guid":{"rendered":"https:\/\/www.biomediterrania.org\/politica-de-privacidad\/"},"modified":"2025-10-14T17:33:35","modified_gmt":"2025-10-14T15:33:35","slug":"politica-de-privacidad","status":"publish","type":"page","link":"https:\/\/www.biomediterrania.org\/es\/politica-de-privacidad\/","title":{"rendered":"Pol\u00edtica de Privacidad"},"content":{"rendered":"\t\t<div data-elementor-type=\"wp-page\" data-elementor-id=\"1391\" class=\"elementor elementor-1391 elementor-12\" data-elementor-post-type=\"page\">\n\t\t\t\t\t\t<section class=\"elementor-section elementor-top-section elementor-element elementor-element-0648179 elementor-section-boxed elementor-section-height-default elementor-section-height-default\" data-id=\"0648179\" data-element_type=\"section\" data-e-type=\"section\">\n\t\t\t\t\t\t<div class=\"elementor-container elementor-column-gap-default\">\n\t\t\t\t\t<div class=\"elementor-column elementor-col-100 elementor-top-column elementor-element elementor-element-6b81391\" data-id=\"6b81391\" data-element_type=\"column\" data-e-type=\"column\">\n\t\t\t<div class=\"elementor-widget-wrap elementor-element-populated\">\n\t\t\t\t\t\t<div class=\"elementor-element elementor-element-dea6587 elementor-widget elementor-widget-heading\" data-id=\"dea6587\" data-element_type=\"widget\" data-e-type=\"widget\" data-widget_type=\"heading.default\">\n\t\t\t\t<div class=\"elementor-widget-container\">\n\t\t\t\t\t<h1 class=\"elementor-heading-title elementor-size-default\">Pol\u00edtica de Privacidad<\/h1>\t\t\t\t<\/div>\n\t\t\t\t<\/div>\n\t\t\t\t<div class=\"elementor-element elementor-element-31724dd elementor-widget elementor-widget-text-editor\" data-id=\"31724dd\" data-element_type=\"widget\" data-e-type=\"widget\" data-widget_type=\"text-editor.default\">\n\t\t\t\t<div class=\"elementor-widget-container\">\n\t\t\t\t\t\t\t\t\t<h3>Responsable del archivo<\/h3><p>De acuerdo con lo que dispone la Ley Org\u00e1nica 15\/1999, de 13 de diciembre, de Protecci\u00f3n de Datos de Car\u00e1cter Personal (LOPD), y el Real Decreto 1720\/2007, de 21 de diciembre, conocido como el Reglamento de desarrollo de la LOPD y con las exigencias del Reglamento (UE) 2016\/679 del Parlamento Europeo y del Consejo del 27 de abril de 2016 relativo a la protecci\u00f3n de las personas f\u00edsicas (RGPD), as\u00ed como con la Ley 34\/2002, de 11 de julio, de Servicios de la Sociedad de la Informaci\u00f3n y Comercio Electr\u00f3nico (LSSICE o LSSI), te informamos que:<\/p><p>Si proporcionas tus datos personales a trav\u00e9s de la web rellenando el formulario de contacto, \u00e9stos ser\u00e1n incorporados a un fichero cuyo titular es <strong>BIOMEDITERR\u00c0NIA<\/strong> con CIF: G75934760, siendo esta sociedad la responsable del tratamiento de los datos personales.<\/p><h3>Recogida de datos<\/h3><p>\u00danicamente obtenemos tus datos a trav\u00e9s de los correos electr\u00f3nicos que nos remitas y los formularios de recogida de datos (formulario de contacto) donde se indica cu\u00e1les son los campos obligatorios. Si no rellenas estos campos obligatorios, no ser\u00e1 posible procesar tu petici\u00f3n (enviar tu consulta). <\/p><h3>Usos y finalidades de los datos recogidos<\/h3><p>Tus datos personales ser\u00e1n tratados exclusivamente para las siguientes finalidades, dependiendo del formulario de lo que provengan:<\/p><ul><li>Formulario de contacto: sus datos se utilizar\u00e1n para responder a consultas o solicitudes de informaci\u00f3n.<\/li><\/ul><p>En ning\u00fan caso cederemos tus datos personales a otras empresas sin que previamente nos hayas dado tu consentimiento expreso, informado e inequ\u00edvoco.<\/p><h3>Encargados del tratamiento<\/h3><p><strong>BIOMEDITERR\u00c0NIA<\/strong> podr\u00e1 encargar determinadas funciones a terceros para garantizar el buen funcionamiento de la empresa y de la prestaci\u00f3n de los servicios que \u00e9sta ofrece, por ejemplo, habr\u00e1 que contar con servicios de mensajer\u00eda, alojamiento del sitio web, asesoramiento fiscal, etc.<\/p><p>Los terceros que, para el ejercicio de sus funciones, deban acceder a sus datos personales tendr\u00e1n la consideraci\u00f3n de encargados del tratamiento y cumplir\u00e1n todas las obligaciones que la legislaci\u00f3n vigente les impone. <strong>BIOMEDITERR\u00c0NIA<\/strong> contar\u00e1 con el preceptivo contrato de encargo de tratamiento con cada uno.<\/p><h3>Medidas de seguridad<\/h3><p>Hemos adoptado las medidas t\u00e9cnicas y organizativas necesarias para garantizar la seguridad y la integridad de tus datos personales, evitando su p\u00e9rdida, alteraci\u00f3n y\/o acceso por parte de terceros no autorizados.<\/p><p>Sin embargo, siempre que proporciones informaci\u00f3n personal a la red, existe el riesgo de que terceras personas, cuyo control queda fuera de nuestro alcance, puedan interceptar esta informaci\u00f3n y utilizarla. Aunque en <strong>BIOMEDITERR\u00c0NIA<\/strong> nos esforzamos por proteger la informaci\u00f3n personal y su privacidad no podemos garantizar la seguridad de la informaci\u00f3n que reveles a trav\u00e9s de la red y bajo tu responsabilidad. <\/p><h3>Ejercicio de derechos<\/h3><p>Puedes ejercer tus derechos de acceso, rectificaci\u00f3n, supresi\u00f3n, limitaci\u00f3n del tratamiento y oposici\u00f3n, as\u00ed como solicitar la portabilidad de los datos, remitiendo una solicitud expresa, junto con una copia de tu DNI, NIE o pasaporte a info@biomediterrania.org.<\/p><p>Al ejercer tu derecho a la portabilidad de los datos, tendr\u00e1s derecho a que los datos personales se transmitan directamente de responsable a responsable cuando sea t\u00e9cnicamente posible.<\/p><h3>Legitimaci\u00f3n del tratamiento<\/h3><p>El tratamiento de datos que realiza <strong>BIOMEDITERR\u00c0NIA<\/strong> est\u00e1 legitimado con el consentimiento que has prestado en el momento de proporcionar tus datos y se regir\u00e1 por los principios de licitud, lealtad y transparencia, minimizaci\u00f3n de datos, limitaci\u00f3n del plazo de conservaci\u00f3n, principio de integridad y confidencialidad.<\/p><h3>Revocaci\u00f3n del consentimiento<\/h3><p>El consentimiento prestado, tanto para el tratamiento como para la cesi\u00f3n de los datos de los interesados, ser\u00e1 revocable en cualquier momento comunic\u00e1ndolo a <strong>BIOMEDITERR\u00c0NIA<\/strong> en los t\u00e9rminos establecidos en esta Pol\u00edtica para el ejercicio de los derechos de los titulares de los datos personales. Esta revocaci\u00f3n en ning\u00fan caso tiene car\u00e1cter retroactivo. <\/p><h3>Conservaci\u00f3n de los datos personales<\/h3><p>Los datos personales se tratar\u00e1n \u00fanicamente mientras se mantenga la relaci\u00f3n con el titular, siempre que no ejerza sus derechos de supresi\u00f3n u oposici\u00f3n.<\/p><h3>Versi\u00f3n<\/h3><p>\u00daltima revisi\u00f3n de la pol\u00edtica de privacidad: 28 de agosto de 2024.<\/p>\t\t\t\t\t\t\t\t<\/div>\n\t\t\t\t<\/div>\n\t\t\t\t\t<\/div>\n\t\t<\/div>\n\t\t\t\t\t<\/div>\n\t\t<\/section>\n\t\t\t\t<\/div>\n\t\t","protected":false},"excerpt":{"rendered":"<p>Pol\u00edtica de Privacidad Responsable del archivo De acuerdo con lo que dispone la Ley Org\u00e1nica 15\/1999, de 13 de diciembre, de Protecci\u00f3n de Datos de Car\u00e1cter Personal (LOPD), y el Real Decreto 1720\/2007, de 21 de diciembre, conocido como el Reglamento de desarrollo de la LOPD y con las exigencias del Reglamento (UE) 2016\/679 del [&hellip;]<\/p>\n","protected":false},"author":1,"featured_media":0,"parent":0,"menu_order":0,"comment_status":"closed","ping_status":"closed","template":"elementor_header_footer","meta":{"footnotes":""},"class_list":["post-1391","page","type-page","status-publish","hentry"],"yoast_head":"<!-- This site is optimized with the Yoast SEO plugin v27.4 - https:\/\/yoast.com\/product\/yoast-seo-wordpress\/ -->\n<title>\u25b7 Pol\u00edtica de Privacidad \u30102025\u3011<\/title>\n<meta name=\"robots\" content=\"noindex, follow\" \/>\n<meta property=\"og:locale\" content=\"es_ES\" \/>\n<meta property=\"og:type\" content=\"article\" \/>\n<meta property=\"og:title\" content=\"\u25b7 Pol\u00edtica de Privacidad \u30102025\u3011\" \/>\n<meta property=\"og:description\" content=\"Pol\u00edtica de Privacidad Responsable del archivo De acuerdo con lo que dispone la Ley Org\u00e1nica 15\/1999, de 13 de diciembre, de Protecci\u00f3n de Datos de Car\u00e1cter Personal (LOPD), y el Real Decreto 1720\/2007, de 21 de diciembre, conocido como el Reglamento de desarrollo de la LOPD y con las exigencias del Reglamento (UE) 2016\/679 del [&hellip;]\" \/>\n<meta property=\"og:url\" content=\"https:\/\/www.biomediterrania.org\/es\/politica-de-privacidad\/\" \/>\n<meta property=\"og:site_name\" content=\"Biomediterr&agrave;nia\" \/>\n<meta property=\"article:modified_time\" content=\"2025-10-14T15:33:35+00:00\" \/>\n<meta name=\"twitter:card\" content=\"summary_large_image\" \/>\n<meta name=\"twitter:label1\" content=\"Tiempo de lectura\" \/>\n\t<meta name=\"twitter:data1\" content=\"4 minutos\" \/>\n<script type=\"application\/ld+json\" class=\"yoast-schema-graph\">{\"@context\":\"https:\\\/\\\/schema.org\",\"@graph\":[{\"@type\":\"WebPage\",\"@id\":\"https:\\\/\\\/www.biomediterrania.org\\\/es\\\/politica-de-privacidad\\\/\",\"url\":\"https:\\\/\\\/www.biomediterrania.org\\\/es\\\/politica-de-privacidad\\\/\",\"name\":\"\u25b7 Pol\u00edtica de Privacidad \u30102025\u3011\",\"isPartOf\":{\"@id\":\"https:\\\/\\\/www.biomediterrania.org\\\/es\\\/#website\"},\"datePublished\":\"2024-08-14T12:48:27+00:00\",\"dateModified\":\"2025-10-14T15:33:35+00:00\",\"breadcrumb\":{\"@id\":\"https:\\\/\\\/www.biomediterrania.org\\\/es\\\/politica-de-privacidad\\\/#breadcrumb\"},\"inLanguage\":\"es\",\"potentialAction\":[{\"@type\":\"ReadAction\",\"target\":[\"https:\\\/\\\/www.biomediterrania.org\\\/es\\\/politica-de-privacidad\\\/\"]}]},{\"@type\":\"BreadcrumbList\",\"@id\":\"https:\\\/\\\/www.biomediterrania.org\\\/es\\\/politica-de-privacidad\\\/#breadcrumb\",\"itemListElement\":[{\"@type\":\"ListItem\",\"position\":1,\"name\":\"Portada\",\"item\":\"https:\\\/\\\/www.biomediterrania.org\\\/es\\\/inici\\\/\"},{\"@type\":\"ListItem\",\"position\":2,\"name\":\"Pol\u00edtica de Privacidad\"}]},{\"@type\":\"WebSite\",\"@id\":\"https:\\\/\\\/www.biomediterrania.org\\\/es\\\/#website\",\"url\":\"https:\\\/\\\/www.biomediterrania.org\\\/es\\\/\",\"name\":\"Biomediterr\u00e0nia\",\"description\":\"Associaci&oacute; Biomediterr&agrave;nia\",\"publisher\":{\"@id\":\"https:\\\/\\\/www.biomediterrania.org\\\/es\\\/#organization\"},\"potentialAction\":[{\"@type\":\"SearchAction\",\"target\":{\"@type\":\"EntryPoint\",\"urlTemplate\":\"https:\\\/\\\/www.biomediterrania.org\\\/es\\\/?s={search_term_string}\"},\"query-input\":{\"@type\":\"PropertyValueSpecification\",\"valueRequired\":true,\"valueName\":\"search_term_string\"}}],\"inLanguage\":\"es\"},{\"@type\":\"Organization\",\"@id\":\"https:\\\/\\\/www.biomediterrania.org\\\/es\\\/#organization\",\"name\":\"Biomediterr\u00e0nia\",\"url\":\"https:\\\/\\\/www.biomediterrania.org\\\/es\\\/\",\"logo\":{\"@type\":\"ImageObject\",\"inLanguage\":\"es\",\"@id\":\"https:\\\/\\\/www.biomediterrania.org\\\/es\\\/#\\\/schema\\\/logo\\\/image\\\/\",\"url\":\"https:\\\/\\\/www.biomediterrania.org\\\/wp-content\\\/uploads\\\/2025\\\/01\\\/cropped-logo-biomediterrania.png\",\"contentUrl\":\"https:\\\/\\\/www.biomediterrania.org\\\/wp-content\\\/uploads\\\/2025\\\/01\\\/cropped-logo-biomediterrania.png\",\"width\":512,\"height\":512,\"caption\":\"Biomediterr\u00e0nia\"},\"image\":{\"@id\":\"https:\\\/\\\/www.biomediterrania.org\\\/es\\\/#\\\/schema\\\/logo\\\/image\\\/\"},\"sameAs\":[\"https:\\\/\\\/www.instagram.com\\\/biomediterrania\"]}]}<\/script>\n<!-- \/ Yoast SEO plugin. -->","yoast_head_json":{"title":"\u25b7 Pol\u00edtica de Privacidad \u30102025\u3011","robots":{"index":"noindex","follow":"follow"},"og_locale":"es_ES","og_type":"article","og_title":"\u25b7 Pol\u00edtica de Privacidad \u30102025\u3011","og_description":"Pol\u00edtica de Privacidad Responsable del archivo De acuerdo con lo que dispone la Ley Org\u00e1nica 15\/1999, de 13 de diciembre, de Protecci\u00f3n de Datos de Car\u00e1cter Personal (LOPD), y el Real Decreto 1720\/2007, de 21 de diciembre, conocido como el Reglamento de desarrollo de la LOPD y con las exigencias del Reglamento (UE) 2016\/679 del [&hellip;]","og_url":"https:\/\/www.biomediterrania.org\/es\/politica-de-privacidad\/","og_site_name":"Biomediterr&agrave;nia","article_modified_time":"2025-10-14T15:33:35+00:00","twitter_card":"summary_large_image","twitter_misc":{"Tiempo de lectura":"4 minutos"},"schema":{"@context":"https:\/\/schema.org","@graph":[{"@type":"WebPage","@id":"https:\/\/www.biomediterrania.org\/es\/politica-de-privacidad\/","url":"https:\/\/www.biomediterrania.org\/es\/politica-de-privacidad\/","name":"\u25b7 Pol\u00edtica de Privacidad \u30102025\u3011","isPartOf":{"@id":"https:\/\/www.biomediterrania.org\/es\/#website"},"datePublished":"2024-08-14T12:48:27+00:00","dateModified":"2025-10-14T15:33:35+00:00","breadcrumb":{"@id":"https:\/\/www.biomediterrania.org\/es\/politica-de-privacidad\/#breadcrumb"},"inLanguage":"es","potentialAction":[{"@type":"ReadAction","target":["https:\/\/www.biomediterrania.org\/es\/politica-de-privacidad\/"]}]},{"@type":"BreadcrumbList","@id":"https:\/\/www.biomediterrania.org\/es\/politica-de-privacidad\/#breadcrumb","itemListElement":[{"@type":"ListItem","position":1,"name":"Portada","item":"https:\/\/www.biomediterrania.org\/es\/inici\/"},{"@type":"ListItem","position":2,"name":"Pol\u00edtica de Privacidad"}]},{"@type":"WebSite","@id":"https:\/\/www.biomediterrania.org\/es\/#website","url":"https:\/\/www.biomediterrania.org\/es\/","name":"Biomediterr\u00e0nia","description":"Associaci&oacute; Biomediterr&agrave;nia","publisher":{"@id":"https:\/\/www.biomediterrania.org\/es\/#organization"},"potentialAction":[{"@type":"SearchAction","target":{"@type":"EntryPoint","urlTemplate":"https:\/\/www.biomediterrania.org\/es\/?s={search_term_string}"},"query-input":{"@type":"PropertyValueSpecification","valueRequired":true,"valueName":"search_term_string"}}],"inLanguage":"es"},{"@type":"Organization","@id":"https:\/\/www.biomediterrania.org\/es\/#organization","name":"Biomediterr\u00e0nia","url":"https:\/\/www.biomediterrania.org\/es\/","logo":{"@type":"ImageObject","inLanguage":"es","@id":"https:\/\/www.biomediterrania.org\/es\/#\/schema\/logo\/image\/","url":"https:\/\/www.biomediterrania.org\/wp-content\/uploads\/2025\/01\/cropped-logo-biomediterrania.png","contentUrl":"https:\/\/www.biomediterrania.org\/wp-content\/uploads\/2025\/01\/cropped-logo-biomediterrania.png","width":512,"height":512,"caption":"Biomediterr\u00e0nia"},"image":{"@id":"https:\/\/www.biomediterrania.org\/es\/#\/schema\/logo\/image\/"},"sameAs":["https:\/\/www.instagram.com\/biomediterrania"]}]}},"_links":{"self":[{"href":"https:\/\/www.biomediterrania.org\/es\/wp-json\/wp\/v2\/pages\/1391","targetHints":{"allow":["GET"]}}],"collection":[{"href":"https:\/\/www.biomediterrania.org\/es\/wp-json\/wp\/v2\/pages"}],"about":[{"href":"https:\/\/www.biomediterrania.org\/es\/wp-json\/wp\/v2\/types\/page"}],"author":[{"embeddable":true,"href":"https:\/\/www.biomediterrania.org\/es\/wp-json\/wp\/v2\/users\/1"}],"replies":[{"embeddable":true,"href":"https:\/\/www.biomediterrania.org\/es\/wp-json\/wp\/v2\/comments?post=1391"}],"version-history":[{"count":0,"href":"https:\/\/www.biomediterrania.org\/es\/wp-json\/wp\/v2\/pages\/1391\/revisions"}],"wp:attachment":[{"href":"https:\/\/www.biomediterrania.org\/es\/wp-json\/wp\/v2\/media?parent=1391"}],"curies":[{"name":"wp","href":"https:\/\/api.w.org\/{rel}","templated":true}]}}